{"id":2335,"date":"2025-01-09T15:53:39","date_gmt":"2025-01-09T15:53:39","guid":{"rendered":"https:\/\/foxi.pt\/?post_type=produto-orcamento&#038;p=2335"},"modified":"2025-01-09T15:58:18","modified_gmt":"2025-01-09T15:58:18","slug":"maca-de-banho-handi-move-3370","status":"publish","type":"produto-orcamento","link":"https:\/\/foxi.pt\/en\/as-nossas-representacoes\/maca-de-banho-handi-move-3370\/","title":{"rendered":"Handi-Move Bath Stretcher 3370"},"content":{"rendered":"","protected":false},"excerpt":{"rendered":"","protected":false},"featured_media":2337,"parent":0,"comment_status":"open","ping_status":"closed","template":"","meta":{"_acf_changed":false,"footnotes":""},"categoria":[58],"class_list":["post-2335","produto-orcamento","type-produto-orcamento","status-publish","has-post-thumbnail","hentry","categoria-maca-de-banho-assistido"],"acf":{"photo_gallery":{"galeria_de_fotos":[[{"id":2337,"title":"Maca de Banho Ajust\u00e1vel em Uso","caption":"Maca de banho Handi-Move 3370 ajust\u00e1vel, ideal para banho de imers\u00e3o e uso institucional.","full_image_url":"https:\/\/foxi.pt\/wp-content\/uploads\/Maca-de-banho-Principal.webp","thumbnail_image_url":"https:\/\/foxi.pt\/wp-content\/uploads\/Maca-de-banho-Principal-150x150.webp","large_srcset":"https:\/\/foxi.pt\/wp-content\/uploads\/Maca-de-banho-Principal.webp 1000w, https:\/\/foxi.pt\/wp-content\/uploads\/Maca-de-banho-Principal-300x200.webp 300w, https:\/\/foxi.pt\/wp-content\/uploads\/Maca-de-banho-Principal-768x512.webp 768w, https:\/\/foxi.pt\/wp-content\/uploads\/Maca-de-banho-Principal-18x12.webp 18w, https:\/\/foxi.pt\/wp-content\/uploads\/Maca-de-banho-Principal-600x400.webp 600w","medium_srcset":"https:\/\/foxi.pt\/wp-content\/uploads\/Maca-de-banho-Principal-300x200.webp 300w, https:\/\/foxi.pt\/wp-content\/uploads\/Maca-de-banho-Principal-768x512.webp 768w, https:\/\/foxi.pt\/wp-content\/uploads\/Maca-de-banho-Principal-18x12.webp 18w, https:\/\/foxi.pt\/wp-content\/uploads\/Maca-de-banho-Principal-600x400.webp 600w, https:\/\/foxi.pt\/wp-content\/uploads\/Maca-de-banho-Principal.webp 1000w","media_details":{"width":1000,"height":667,"sizes":{"medium":{"file":"Maca-de-banho-Principal-300x200.webp","width":300,"height":200,"mime-type":"image\/webp","filesize":9316,"source_url":"https:\/\/foxi.pt\/wp-content\/uploads\/Maca-de-banho-Principal-300x200.webp"},"thumbnail":{"file":"Maca-de-banho-Principal-150x150.webp","width":150,"height":150,"mime-type":"image\/webp","filesize":4760,"source_url":"https:\/\/foxi.pt\/wp-content\/uploads\/Maca-de-banho-Principal-150x150.webp"},"medium_large":{"file":"Maca-de-banho-Principal-768x512.webp","width":768,"height":512,"mime-type":"image\/webp","filesize":32654,"source_url":"https:\/\/foxi.pt\/wp-content\/uploads\/Maca-de-banho-Principal-768x512.webp"},"trp-custom-language-flag":{"file":"Maca-de-banho-Principal-18x12.webp","width":18,"height":12,"mime-type":"image\/webp","filesize":234,"source_url":"https:\/\/foxi.pt\/wp-content\/uploads\/Maca-de-banho-Principal-18x12.webp"},"woocommerce_thumbnail":{"file":"Maca-de-banho-Principal-300x300.webp","width":300,"height":300,"mime-type":"image\/webp","filesize":11884,"uncropped":false,"source_url":"https:\/\/foxi.pt\/wp-content\/uploads\/Maca-de-banho-Principal-300x300.webp"},"woocommerce_single":{"file":"Maca-de-banho-Principal-600x400.webp","width":600,"height":400,"mime-type":"image\/webp","filesize":24118,"source_url":"https:\/\/foxi.pt\/wp-content\/uploads\/Maca-de-banho-Principal-600x400.webp"},"woocommerce_gallery_thumbnail":{"file":"Maca-de-banho-Principal-100x100.webp","width":100,"height":100,"mime-type":"image\/webp","filesize":2654,"source_url":"https:\/\/foxi.pt\/wp-content\/uploads\/Maca-de-banho-Principal-100x100.webp"}}},"alt_text":"Maca de banho ajust\u00e1vel em uso com paciente e enfermeira.","url":"","target":""},{"id":2338,"title":"Maca de Banho com Sistema de Eleva\u00e7\u00e3o","caption":"Maca ajust\u00e1vel para banho e higiene com suporte de eleva\u00e7\u00e3o integrado.","full_image_url":"https:\/\/foxi.pt\/wp-content\/uploads\/Maca-de-banho-II.webp","thumbnail_image_url":"https:\/\/foxi.pt\/wp-content\/uploads\/Maca-de-banho-II-150x150.webp","large_srcset":"https:\/\/foxi.pt\/wp-content\/uploads\/Maca-de-banho-II.webp 724w, https:\/\/foxi.pt\/wp-content\/uploads\/Maca-de-banho-II-217x300.webp 217w, https:\/\/foxi.pt\/wp-content\/uploads\/Maca-de-banho-II-9x12.webp 9w, https:\/\/foxi.pt\/wp-content\/uploads\/Maca-de-banho-II-600x829.webp 600w","medium_srcset":"https:\/\/foxi.pt\/wp-content\/uploads\/Maca-de-banho-II-217x300.webp 217w, https:\/\/foxi.pt\/wp-content\/uploads\/Maca-de-banho-II-9x12.webp 9w, https:\/\/foxi.pt\/wp-content\/uploads\/Maca-de-banho-II-600x829.webp 600w, https:\/\/foxi.pt\/wp-content\/uploads\/Maca-de-banho-II.webp 724w","media_details":{"width":724,"height":1000,"sizes":{"medium":{"file":"Maca-de-banho-II-217x300.webp","width":217,"height":300,"mime-type":"image\/webp","filesize":15290,"source_url":"https:\/\/foxi.pt\/wp-content\/uploads\/Maca-de-banho-II-217x300.webp"},"thumbnail":{"file":"Maca-de-banho-II-150x150.webp","width":150,"height":150,"mime-type":"image\/webp","filesize":7228,"source_url":"https:\/\/foxi.pt\/wp-content\/uploads\/Maca-de-banho-II-150x150.webp"},"trp-custom-language-flag":{"file":"Maca-de-banho-II-9x12.webp","width":9,"height":12,"mime-type":"image\/webp","filesize":132,"source_url":"https:\/\/foxi.pt\/wp-content\/uploads\/Maca-de-banho-II-9x12.webp"},"woocommerce_thumbnail":{"file":"Maca-de-banho-II-300x300.webp","width":300,"height":300,"mime-type":"image\/webp","filesize":19750,"uncropped":false,"source_url":"https:\/\/foxi.pt\/wp-content\/uploads\/Maca-de-banho-II-300x300.webp"},"woocommerce_single":{"file":"Maca-de-banho-II-600x829.webp","width":600,"height":829,"mime-type":"image\/webp","filesize":64096,"source_url":"https:\/\/foxi.pt\/wp-content\/uploads\/Maca-de-banho-II-600x829.webp"},"woocommerce_gallery_thumbnail":{"file":"Maca-de-banho-II-100x100.webp","width":100,"height":100,"mime-type":"image\/webp","filesize":3802,"source_url":"https:\/\/foxi.pt\/wp-content\/uploads\/Maca-de-banho-II-100x100.webp"}}},"alt_text":"Maca de banho ajust\u00e1vel sendo usada com suporte de eleva\u00e7\u00e3o.","url":"","target":""},{"id":2339,"title":"Banho de Imers\u00e3o com Maca de Banho","caption":"","full_image_url":"https:\/\/foxi.pt\/wp-content\/uploads\/Maca-de-banho-I.webp","thumbnail_image_url":"https:\/\/foxi.pt\/wp-content\/uploads\/Maca-de-banho-I-150x150.webp","large_srcset":"https:\/\/foxi.pt\/wp-content\/uploads\/Maca-de-banho-I.webp 1000w, https:\/\/foxi.pt\/wp-content\/uploads\/Maca-de-banho-I-300x253.webp 300w, https:\/\/foxi.pt\/wp-content\/uploads\/Maca-de-banho-I-768x648.webp 768w, https:\/\/foxi.pt\/wp-content\/uploads\/Maca-de-banho-I-14x12.webp 14w, https:\/\/foxi.pt\/wp-content\/uploads\/Maca-de-banho-I-600x506.webp 600w","medium_srcset":"https:\/\/foxi.pt\/wp-content\/uploads\/Maca-de-banho-I-300x253.webp 300w, https:\/\/foxi.pt\/wp-content\/uploads\/Maca-de-banho-I-768x648.webp 768w, https:\/\/foxi.pt\/wp-content\/uploads\/Maca-de-banho-I-14x12.webp 14w, https:\/\/foxi.pt\/wp-content\/uploads\/Maca-de-banho-I-600x506.webp 600w, https:\/\/foxi.pt\/wp-content\/uploads\/Maca-de-banho-I.webp 1000w","media_details":{"width":1000,"height":844,"sizes":{"medium":{"file":"Maca-de-banho-I-300x253.webp","width":300,"height":253,"mime-type":"image\/webp","filesize":12778,"source_url":"https:\/\/foxi.pt\/wp-content\/uploads\/Maca-de-banho-I-300x253.webp"},"thumbnail":{"file":"Maca-de-banho-I-150x150.webp","width":150,"height":150,"mime-type":"image\/webp","filesize":5406,"source_url":"https:\/\/foxi.pt\/wp-content\/uploads\/Maca-de-banho-I-150x150.webp"},"medium_large":{"file":"Maca-de-banho-I-768x648.webp","width":768,"height":648,"mime-type":"image\/webp","filesize":49200,"source_url":"https:\/\/foxi.pt\/wp-content\/uploads\/Maca-de-banho-I-768x648.webp"},"trp-custom-language-flag":{"file":"Maca-de-banho-I-14x12.webp","width":14,"height":12,"mime-type":"image\/webp","filesize":148,"source_url":"https:\/\/foxi.pt\/wp-content\/uploads\/Maca-de-banho-I-14x12.webp"},"woocommerce_thumbnail":{"file":"Maca-de-banho-I-300x300.webp","width":300,"height":300,"mime-type":"image\/webp","filesize":15502,"uncropped":false,"source_url":"https:\/\/foxi.pt\/wp-content\/uploads\/Maca-de-banho-I-300x300.webp"},"woocommerce_single":{"file":"Maca-de-banho-I-600x506.webp","width":600,"height":506,"mime-type":"image\/webp","filesize":35868,"source_url":"https:\/\/foxi.pt\/wp-content\/uploads\/Maca-de-banho-I-600x506.webp"},"woocommerce_gallery_thumbnail":{"file":"Maca-de-banho-I-100x100.webp","width":100,"height":100,"mime-type":"image\/webp","filesize":2904,"source_url":"https:\/\/foxi.pt\/wp-content\/uploads\/Maca-de-banho-I-100x100.webp"}}},"alt_text":"Paciente recebendo banho de imers\u00e3o em maca ajust\u00e1vel.","url":"","target":""}]]}},"_links":{"self":[{"href":"https:\/\/foxi.pt\/en\/wp-json\/wp\/v2\/produto-orcamento\/2335","targetHints":{"allow":["GET"]}}],"collection":[{"href":"https:\/\/foxi.pt\/en\/wp-json\/wp\/v2\/produto-orcamento"}],"about":[{"href":"https:\/\/foxi.pt\/en\/wp-json\/wp\/v2\/types\/produto-orcamento"}],"replies":[{"embeddable":true,"href":"https:\/\/foxi.pt\/en\/wp-json\/wp\/v2\/comments?post=2335"}],"version-history":[{"count":4,"href":"https:\/\/foxi.pt\/en\/wp-json\/wp\/v2\/produto-orcamento\/2335\/revisions"}],"predecessor-version":[{"id":2344,"href":"https:\/\/foxi.pt\/en\/wp-json\/wp\/v2\/produto-orcamento\/2335\/revisions\/2344"}],"wp:featuredmedia":[{"embeddable":true,"href":"https:\/\/foxi.pt\/en\/wp-json\/wp\/v2\/media\/2337"}],"wp:attachment":[{"href":"https:\/\/foxi.pt\/en\/wp-json\/wp\/v2\/media?parent=2335"}],"wp:term":[{"taxonomy":"categoria","embeddable":true,"href":"https:\/\/foxi.pt\/en\/wp-json\/wp\/v2\/categoria?post=2335"}],"curies":[{"name":"wp","href":"https:\/\/api.w.org\/{rel}","templated":true}]}}